{"id":4972,"date":"2020-06-17T14:47:27","date_gmt":"2020-06-17T07:47:27","guid":{"rendered":"http:\/\/27430.lamdx.vinawebsite.vn\/san-pham\/balo-mem-mavic-pro-platium.html"},"modified":"2020-10-19T09:11:31","modified_gmt":"2020-10-19T02:11:31","slug":"soft-backpack-for-mavic-pro","status":"publish","type":"product","link":"https:\/\/phukienflytech.vn\/en\/san-pham\/soft-backpack-for-mavic-pro.html","title":{"rendered":"Soft backpack for Mavic Pro"},"content":{"rendered":"<h2 class=\"fw_medium title_single_product\"><span style=\"color: #0000ff;\"><em><strong>Soft backpack for Mavic Pro<\/strong><\/em><\/span><\/h2>\n<p>&nbsp;<\/p>\n<p><span style=\"font-size: 18px;\">Soft backpack for Mavic Pro<\/span><\/p>\n<p><span style=\"font-size: 18px;\"><img loading=\"lazy\" decoding=\"async\" class=\"alignnone wp-image-16113 \" src=\"https:\/\/phukienflytech.vn\/wp-content\/uploads\/2020\/05\/balo-mem-mavic-pro-platium-4957-1-1-280x243.jpg\" alt=\"Soft-backpack-for-Mavic-Pro-8\" width=\"421\" height=\"365\" \/><\/span><\/p>\n<p><span style=\"font-size: 18px;\">\u0110\u01b0\u1ee3c cho l\u00e0 d\u00f2ng flycam \u0111\u01b0\u1ee3c \u01b0u \u00e1i v\u1ec1 balo t\u00fai x\u00e1ch khi b\u1ea1n mua g\u00f3i combo v\u1edbi kh\u00e1 nhi\u1ec1u\u00a0<strong>ph\u1ee5 ki\u1ec7n Mavic pro\u00a0<\/strong>, b\u1ea1n \u0111\u01b0\u1ee3c s\u1edf h\u1eefu ngay t\u00fai x\u00e1ch b\u1eb1ng da DJI. V\u1ec1 h\u00ecnh th\u1ee9c th\u00ec chi\u1ebfc t\u00fai da r\u1ea5t \u0111\u1eb9p v\u00e0 sang tr\u1ecdng b\u1edfi ch\u1ea5t li\u1ec7u da th\u1eadt, cao c\u1ea5p. Tuy nhi\u00ean, v\u1ec1 m\u1eb7t \u0111\u1ea3m b\u1ea3o cho kh\u00e2u b\u1ea3o qu\u1ea3n c\u0169ng nh\u01b0 b\u1ea3o v\u1ec7 cho flycam th\u00ec chi\u1ebfc t\u00fai da g\u1ed1c l\u1ea1i \u0111\u00e1p \u1ee9ng ch\u01b0a th\u1ef1c s\u1ef1 t\u1ed1t v\u00e0 \u0111\u1ea3m b\u1ea3o.<\/span><\/p>\n<p><span style=\"font-size: 18px;\"><img loading=\"lazy\" decoding=\"async\" class=\"alignnone wp-image-16111 size-full\" src=\"https:\/\/phukienflytech.vn\/wp-content\/uploads\/2020\/05\/balo-mem-mavic-pro-platium-4957-6.jpg\" alt=\"Soft-backpack-for-Mavic-Pro-1\" width=\"450\" height=\"387\" \/><\/span><\/p>\n<p><span style=\"font-size: 18px;\">Do v\u1eady, vi\u1ec7c l\u1ef1a ch\u1ecdn m\u1ed9t chi\u1ebfc\u00a0<a href=\"https:\/\/phukienflytech.vn\/san-pham\/vali-cung-mavic-pro.html\" target=\"_blank\" rel=\"noopener noreferrer\">vali c\u1ee9ng<\/a>\u00a0ho\u1eb7c\u00a0<a href=\"https:\/\/phukienflytech.vn\/san-pham\/balo-mavic-boc-da.html\" target=\"_blank\" rel=\"noopener noreferrer\">balo c\u1ee9ng<\/a>\u00a0hay b\u1ed9 h\u1ed9p \u0111\u1ef1ng combo c\u00f3 ch\u1ea5t li\u1ec7u c\u1ee9ng, c\u00f3 kh\u1ea3 n\u0103ng ch\u1ed1ng s\u1ed1c, ch\u1ed1ng n\u01b0\u1edbc t\u1ed1t h\u01a1n so v\u1edbi t\u00fai da \u0111i k\u00e8m.<\/span><\/p>\n<p><span style=\"font-size: 18px;\"><em>Chi ti\u1ebft v\u1ec1 Balo m\u1ec1m ch\u1ed1ng s\u1ed1c cho Mavic pro \/platium<\/em><\/span><\/p>\n<p><span style=\"font-size: 18px;\"><strong>Balo m\u1ec1m Mavic pro<\/strong><\/span><\/p>\n<p><span style=\"font-size: 18px;\">K\u00edch th\u01b0\u1edbc : 42 cm * 30 cm * 15 cm<\/span><\/p>\n<p><span style=\"font-size: 18px;\"><img loading=\"lazy\" decoding=\"async\" class=\"alignnone size-medium wp-image-16115\" src=\"https:\/\/phukienflytech.vn\/wp-content\/uploads\/2020\/05\/balo-mem-mavic-pro-platium-4957-2-1-400x400.jpg\" alt=\"\" width=\"400\" height=\"400\" srcset=\"https:\/\/phukienflytech.vn\/wp-content\/uploads\/2020\/05\/balo-mem-mavic-pro-platium-4957-2-1-400x400.jpg 400w, https:\/\/phukienflytech.vn\/wp-content\/uploads\/2020\/05\/balo-mem-mavic-pro-platium-4957-2-1-280x280.jpg 280w, https:\/\/phukienflytech.vn\/wp-content\/uploads\/2020\/05\/balo-mem-mavic-pro-platium-4957-2-1-768x768.jpg 768w, https:\/\/phukienflytech.vn\/wp-content\/uploads\/2020\/05\/balo-mem-mavic-pro-platium-4957-2-1-800x800.jpg 800w, https:\/\/phukienflytech.vn\/wp-content\/uploads\/2020\/05\/balo-mem-mavic-pro-platium-4957-2-1-300x300.jpg 300w, https:\/\/phukienflytech.vn\/wp-content\/uploads\/2020\/05\/balo-mem-mavic-pro-platium-4957-2-1-600x600.jpg 600w, https:\/\/phukienflytech.vn\/wp-content\/uploads\/2020\/05\/balo-mem-mavic-pro-platium-4957-2-1-100x100.jpg 100w, https:\/\/phukienflytech.vn\/wp-content\/uploads\/2020\/05\/balo-mem-mavic-pro-platium-4957-2-1.jpg 1000w\" sizes=\"auto, (max-width: 400px) 100vw, 400px\" \/><\/span><\/p>\n<p><span style=\"font-size: 18px;\">&#8211; B\u00ean ngo\u00e0i: Ch\u1ea5t li\u1ec7u b\u1eb1ng v\u1ea3i m\u00e0u \u0111en, m\u01b0\u1ee3t m\u00e0 \u0111\u01b0\u1ee3c d\u1ec7t v\u00e0 kh\u00e2u ch\u1ec9 r\u1ea5t t\u1ec9 m\u1ec9 kh\u00f4ng c\u00f3 c\u00e1c chi ti\u1ebft d\u01b0 th\u1eeba.<\/span><\/p>\n<p><span style=\"font-size: 18px;\">&#8211; B\u00ean trong: L\u00e0 khu\u00f4n m\u00fat x\u1ed1p \u0111\u01b0\u1ee3c c\u1eaft theo khu\u00f4n h\u00ecnh b\u1ed9 s\u1ea3n ph\u1ea9m flycam c\u00f9ng c\u00e1c ph\u1ee5 ki\u1ec7n k\u00e8m theo..<\/span><\/p>\n<p><span style=\"font-size: 18px;\"><img loading=\"lazy\" decoding=\"async\" src=\"https:\/\/phukienflytech.vn\/wp-content\/uploads\/2020\/05\/balo-mem-mavic-pro-platium-4957-4.jpg\" alt=\"\" width=\"360\" height=\"480\" \/><img loading=\"lazy\" decoding=\"async\" class=\"alignnone wp-image-16117 size-medium\" src=\"https:\/\/phukienflytech.vn\/wp-content\/uploads\/2020\/05\/balo-mem-mavic-pro-platium-4957-3-1-400x400.jpg\" alt=\"Soft-backpack-for-Mavic-Pro\" width=\"400\" height=\"400\" srcset=\"https:\/\/phukienflytech.vn\/wp-content\/uploads\/2020\/05\/balo-mem-mavic-pro-platium-4957-3-1-400x400.jpg 400w, https:\/\/phukienflytech.vn\/wp-content\/uploads\/2020\/05\/balo-mem-mavic-pro-platium-4957-3-1-280x280.jpg 280w, https:\/\/phukienflytech.vn\/wp-content\/uploads\/2020\/05\/balo-mem-mavic-pro-platium-4957-3-1-768x768.jpg 768w, https:\/\/phukienflytech.vn\/wp-content\/uploads\/2020\/05\/balo-mem-mavic-pro-platium-4957-3-1.jpg 800w, https:\/\/phukienflytech.vn\/wp-content\/uploads\/2020\/05\/balo-mem-mavic-pro-platium-4957-3-1-300x300.jpg 300w, https:\/\/phukienflytech.vn\/wp-content\/uploads\/2020\/05\/balo-mem-mavic-pro-platium-4957-3-1-600x600.jpg 600w, https:\/\/phukienflytech.vn\/wp-content\/uploads\/2020\/05\/balo-mem-mavic-pro-platium-4957-3-1-100x100.jpg 100w\" sizes=\"auto, (max-width: 400px) 100vw, 400px\" \/><\/span><\/p>\n<p><span style=\"font-size: 18px;\">S\u1eed d\u1ee5ng balo l\u00e0 ph\u1ee5 ki\u1ec7n b\u1ea3o v\u1ec7 chi\u1ebfc flycam c\u1ee7a b\u1ea1n kh\u1ecfi c\u00e1c t\u00e1c \u0111\u1ed9ng b\u00ean ngo\u00e0i, \u0111em l\u1ea1i s\u1ef1 thu\u1eadn ti\u1ec7n trong qu\u00e1 tr\u00ecnh di chuy\u1ec3n&#8230;<\/span><\/p>\n<h2><strong><span style=\"font-size: 21px; color: #0000ff;\"><em>Mua ph\u1ee5 ki\u1ec7n flycam DJI phantom,Mavic,Spark \u1edf \u0111\u00e2u?<\/em><\/span><\/strong><\/h2>\n<p><span style=\"font-size: 18px;\"><img loading=\"lazy\" decoding=\"async\" class=\"alignnone wp-image-16119\" src=\"https:\/\/phukienflytech.vn\/wp-content\/uploads\/2020\/05\/balo-mem-mavic-pro-platium-4957-5-800x251.png\" alt=\"\" width=\"490\" height=\"154\" srcset=\"https:\/\/phukienflytech.vn\/wp-content\/uploads\/2020\/05\/balo-mem-mavic-pro-platium-4957-5-800x251.png 800w, https:\/\/phukienflytech.vn\/wp-content\/uploads\/2020\/05\/balo-mem-mavic-pro-platium-4957-5-768x241.png 768w, https:\/\/phukienflytech.vn\/wp-content\/uploads\/2020\/05\/balo-mem-mavic-pro-platium-4957-5-600x188.png 600w, https:\/\/phukienflytech.vn\/wp-content\/uploads\/2020\/05\/balo-mem-mavic-pro-platium-4957-5.png 1013w\" sizes=\"auto, (max-width: 490px) 100vw, 490px\" \/><\/span><\/p>\n<p><span style=\"font-size: 18px;\"><em><strong><a href=\"https:\/\/facebook.com\/phukienflycam\" target=\"_blank\" rel=\"noopener noreferrer\">Ph\u1ee5 Ki\u1ec7n Flytech Gi\u00e1 T\u1ed1t<\/a><\/strong><\/em>\u00a0h\u00e2n h\u1ea1nh \u0111em l\u1ea1i c\u00e1c m\u1eabu s\u1ea3n ph\u1ea9m Balo phatom ch\u00ednh h\u00e3ng t\u1ed1t nh\u1ea5t ph\u1ee5c v\u1ee5 \u0111am m\u00ea, v\u00e0 c\u00f4ng vi\u1ec7c c\u1ee7a c\u00e1c b\u1ea1n, h\u00e3y \u0111\u1ec3 ch\u00fang t\u00f4i ti\u1ebfp s\u1ee9c \u0111am m\u00ea, c\u00f4ng vi\u1ec7c c\u1ee7a b\u1ea1n, gi\u00fap b\u1ea1n th\u00eam ni\u1ec1m h\u1ee9ng kh\u1edfi trong \u0111am m\u00ea c\u0169ng nh\u01b0 c\u00f4ng vi\u1ec7c c\u1ee7a m\u00ecnh th\u00eam su\u00f4n s\u1ebb<\/span><\/p>\n<p><span style=\"font-size: 18px;\">\u00a0<\/span><\/p>\n<p><span style=\"font-size: 18px;\">Ch\u00fang t\u00f4i chuy\u00ean cung c\u1ea5p h\u1ea7u h\u1ebft t\u1ea5t c\u00e1c c\u00e1c ph\u1ee5 ki\u1ec7n flycam DJI c\u1ee7a Phantom 3,4 series, Mavic series, DJI Spark v\u00e0 inspire 1<\/span><\/p>\n<p><span style=\"font-size: 18px;\">H\u00e3y xem th\u00eam c\u00e1c\u00a0<em>ph\u1ee5 ki\u1ec7n flycam dji Mavic\u00a0<\/em>b\u1eb1ng c\u00e1ch\u00a0<strong><a href=\"https:\/\/phukienflytech.vn\/en\/danh-muc\/phantom-4-accessory.html\" target=\"_blank\" rel=\"noopener noreferrer\">click t\u1ea1i \u0111\u00e2y<\/a><\/strong>\u00a0!<\/span><\/p>\n<p><span style=\"font-size: 18px;\">Nh\u00e0 s\u1ea3n xu\u1ea5t : Sunnylife \u2013 l\u00e0 m\u1ed9t trong nh\u1eefng Vendor cung c\u1ea5p c\u00e1c ph\u1ee5 ki\u1ec7n, linh ki\u1ec7n thay th\u1ebf cho DJI Flycam.<\/span><\/p>\n","protected":false},"excerpt":{"rendered":"<p>Soft backpack for Mavic Pro &nbsp; Soft backpack for Mavic Pro \u0110\u01b0\u1ee3c cho l\u00e0 d\u00f2ng flycam \u0111\u01b0\u1ee3c \u01b0u \u00e1i v\u1ec1 balo t\u00fai x\u00e1ch khi b\u1ea1n mua g\u00f3i combo v\u1edbi kh\u00e1 nhi\u1ec1u\u00a0ph\u1ee5 ki\u1ec7n Mavic pro\u00a0, b\u1ea1n \u0111\u01b0\u1ee3c s\u1edf h\u1eefu ngay t\u00fai x\u00e1ch b\u1eb1ng da DJI. V\u1ec1 h\u00ecnh th\u1ee9c th\u00ec chi\u1ebfc t\u00fai da r\u1ea5t \u0111\u1eb9p v\u00e0 sang &#8230;<\/p>\n","protected":false},"featured_media":4959,"comment_status":"open","ping_status":"closed","template":"","meta":{"_acf_changed":false},"product_brand":[],"product_cat":[178],"product_tag":[337,223],"class_list":{"0":"post-4972","1":"product","2":"type-product","3":"status-publish","4":"has-post-thumbnail","6":"product_cat-mavic-pro-accessory","7":"product_tag-balo-mem-mavic-pro-platium-en","8":"product_tag-phu-kien-mavic-pro-en","10":"first","11":"instock","12":"shipping-taxable","13":"purchasable","14":"product-type-simple"},"acf":[],"yoast_head":"<!-- This site is optimized with the Yoast SEO plugin v25.7 - https:\/\/yoast.com\/wordpress\/plugins\/seo\/ -->\n<title>Soft backpack for Mavic Pro - Mavic pro accessory - Available - Original<\/title>\n<meta name=\"description\" content=\"Soft backpack for Mavic Pro is one of the most important accessory. Contact us to buy Soft backpack for Mavic Pro for best price\" \/>\n<meta name=\"robots\" content=\"index, follow, max-snippet:-1, max-image-preview:large, max-video-preview:-1\" \/>\n<link rel=\"canonical\" href=\"https:\/\/phukienflytech.vn\/en\/san-pham\/soft-backpack-for-mavic-pro.html\" \/>\n<meta property=\"og:locale\" content=\"en_US\" \/>\n<meta property=\"og:type\" content=\"article\" \/>\n<meta property=\"og:title\" content=\"Soft backpack for Mavic Pro - Mavic pro accessory - Available - Original\" \/>\n<meta property=\"og:description\" content=\"Soft backpack for Mavic Pro is one of the most important accessory. Contact us to buy Soft backpack for Mavic Pro for best price\" \/>\n<meta property=\"og:url\" content=\"https:\/\/phukienflytech.vn\/en\/san-pham\/soft-backpack-for-mavic-pro.html\" \/>\n<meta property=\"og:site_name\" content=\"Shop M\u00e1y \u1ea3nh - Action Camera - Gimbal - Flycam - Ph\u1ee5 ki\u1ec7n\" \/>\n<meta property=\"article:publisher\" content=\"https:\/\/facebook.com\/phukienflycam\" \/>\n<meta property=\"article:modified_time\" content=\"2020-10-19T02:11:31+00:00\" \/>\n<meta property=\"og:image\" content=\"https:\/\/phukienflytech.vn\/wp-content\/uploads\/2020\/05\/balo-m\u1ec1m-mavic-pro-ch\u1ed1ng-n\u01b0\u1edbc.png\" \/>\n\t<meta property=\"og:image:width\" content=\"300\" \/>\n\t<meta property=\"og:image:height\" content=\"300\" \/>\n\t<meta property=\"og:image:type\" content=\"image\/png\" \/>\n<meta name=\"twitter:card\" content=\"summary_large_image\" \/>\n<meta name=\"twitter:label1\" content=\"Est. reading time\" \/>\n\t<meta name=\"twitter:data1\" content=\"3 minutes\" \/>\n<script type=\"application\/ld+json\" class=\"yoast-schema-graph\">{\"@context\":\"https:\/\/schema.org\",\"@graph\":[{\"@type\":\"WebPage\",\"@id\":\"https:\/\/phukienflytech.vn\/en\/san-pham\/soft-backpack-for-mavic-pro.html\",\"url\":\"https:\/\/phukienflytech.vn\/en\/san-pham\/soft-backpack-for-mavic-pro.html\",\"name\":\"Soft backpack for Mavic Pro - Mavic pro accessory - Available - Original\",\"isPartOf\":{\"@id\":\"https:\/\/phukienflytech.vn\/#website\"},\"primaryImageOfPage\":{\"@id\":\"https:\/\/phukienflytech.vn\/en\/san-pham\/soft-backpack-for-mavic-pro.html#primaryimage\"},\"image\":{\"@id\":\"https:\/\/phukienflytech.vn\/en\/san-pham\/soft-backpack-for-mavic-pro.html#primaryimage\"},\"thumbnailUrl\":\"https:\/\/phukienflytech.vn\/wp-content\/uploads\/2020\/05\/balo-m\u1ec1m-mavic-pro-ch\u1ed1ng-n\u01b0\u1edbc.png\",\"datePublished\":\"2020-06-17T07:47:27+00:00\",\"dateModified\":\"2020-10-19T02:11:31+00:00\",\"description\":\"Soft backpack for Mavic Pro is one of the most important accessory. Contact us to buy Soft backpack for Mavic Pro for best price\",\"breadcrumb\":{\"@id\":\"https:\/\/phukienflytech.vn\/en\/san-pham\/soft-backpack-for-mavic-pro.html#breadcrumb\"},\"inLanguage\":\"en-US\",\"potentialAction\":[{\"@type\":\"ReadAction\",\"target\":[\"https:\/\/phukienflytech.vn\/en\/san-pham\/soft-backpack-for-mavic-pro.html\"]}]},{\"@type\":\"ImageObject\",\"inLanguage\":\"en-US\",\"@id\":\"https:\/\/phukienflytech.vn\/en\/san-pham\/soft-backpack-for-mavic-pro.html#primaryimage\",\"url\":\"https:\/\/phukienflytech.vn\/wp-content\/uploads\/2020\/05\/balo-m\u1ec1m-mavic-pro-ch\u1ed1ng-n\u01b0\u1edbc.png\",\"contentUrl\":\"https:\/\/phukienflytech.vn\/wp-content\/uploads\/2020\/05\/balo-m\u1ec1m-mavic-pro-ch\u1ed1ng-n\u01b0\u1edbc.png\",\"width\":300,\"height\":300},{\"@type\":\"BreadcrumbList\",\"@id\":\"https:\/\/phukienflytech.vn\/en\/san-pham\/soft-backpack-for-mavic-pro.html#breadcrumb\",\"itemListElement\":[{\"@type\":\"ListItem\",\"position\":1,\"name\":\"Home\",\"item\":\"https:\/\/phukienflytech.vn\/en\"},{\"@type\":\"ListItem\",\"position\":2,\"name\":\"Ph\u1ee5 ki\u1ec7n Mavic Pro\",\"item\":\"https:\/\/phukienflytech.vn\/en\/phu-kien-mavic-pro.html\"},{\"@type\":\"ListItem\",\"position\":3,\"name\":\"DJI Osmo &amp; Drone's accessories\",\"item\":\"https:\/\/phukienflytech.vn\/en\/danh-muc\/dji-osmo-drones-accessories.html\"},{\"@type\":\"ListItem\",\"position\":4,\"name\":\"Mavic Pro Accessory\",\"item\":\"https:\/\/phukienflytech.vn\/en\/danh-muc\/mavic-pro-accessory.html\"},{\"@type\":\"ListItem\",\"position\":5,\"name\":\"Soft backpack for Mavic Pro\"}]},{\"@type\":\"WebSite\",\"@id\":\"https:\/\/phukienflytech.vn\/#website\",\"url\":\"https:\/\/phukienflytech.vn\/\",\"name\":\"Shop M\u00e1y \u1ea3nh - Action Camera - Gimbal - Flycam - Ph\u1ee5 ki\u1ec7n\",\"description\":\"Shop M\u00e1y \u1ea3nh - Action Camera - Gimbal - Flycam - Ph\u1ee5 ki\u1ec7n\",\"publisher\":{\"@id\":\"https:\/\/phukienflytech.vn\/#organization\"},\"potentialAction\":[{\"@type\":\"SearchAction\",\"target\":{\"@type\":\"EntryPoint\",\"urlTemplate\":\"https:\/\/phukienflytech.vn\/?s={search_term_string}\"},\"query-input\":{\"@type\":\"PropertyValueSpecification\",\"valueRequired\":true,\"valueName\":\"search_term_string\"}}],\"inLanguage\":\"en-US\"},{\"@type\":\"Organization\",\"@id\":\"https:\/\/phukienflytech.vn\/#organization\",\"name\":\"DJI Store - Shop Drone, Action camera, Gimbal DJI |Phukienflytech\",\"alternateName\":\"DJI Store - Shop Drone, Action camera, Gimbal DJI |Phukienflytech\",\"url\":\"https:\/\/phukienflytech.vn\/\",\"logo\":{\"@type\":\"ImageObject\",\"inLanguage\":\"en-US\",\"@id\":\"https:\/\/phukienflytech.vn\/#\/schema\/logo\/image\/\",\"url\":\"https:\/\/phukienflytech.vn\/wp-content\/uploads\/2020\/05\/hAnh_nan.jpg1_.jpg\",\"contentUrl\":\"https:\/\/phukienflytech.vn\/wp-content\/uploads\/2020\/05\/hAnh_nan.jpg1_.jpg\",\"width\":800,\"height\":450,\"caption\":\"DJI Store - Shop Drone, Action camera, Gimbal DJI |Phukienflytech\"},\"image\":{\"@id\":\"https:\/\/phukienflytech.vn\/#\/schema\/logo\/image\/\"},\"sameAs\":[\"https:\/\/facebook.com\/phukienflycam\",\"https:\/\/www.youtube.com\/@phukienflytech\",\"https:\/\/www.tiktok.com\/@flytech.channel?fbclid=IwY2xjawGjg7BleHRuA2FlbQIxMAABHYVGmlXpuSMs0UB2zTpYvyT4GMVfN2qJa4urF4vkSQ6FAVBwXZtDP30qQA_aem_UwMiDcUvlEbd2tXAmsc8Og\"]}]}<\/script>\n<!-- \/ Yoast SEO plugin. -->","yoast_head_json":{"title":"Soft backpack for Mavic Pro - Mavic pro accessory - Available - Original","description":"Soft backpack for Mavic Pro is one of the most important accessory. Contact us to buy Soft backpack for Mavic Pro for best price","robots":{"index":"index","follow":"follow","max-snippet":"max-snippet:-1","max-image-preview":"max-image-preview:large","max-video-preview":"max-video-preview:-1"},"canonical":"https:\/\/phukienflytech.vn\/en\/san-pham\/soft-backpack-for-mavic-pro.html","og_locale":"en_US","og_type":"article","og_title":"Soft backpack for Mavic Pro - Mavic pro accessory - Available - Original","og_description":"Soft backpack for Mavic Pro is one of the most important accessory. Contact us to buy Soft backpack for Mavic Pro for best price","og_url":"https:\/\/phukienflytech.vn\/en\/san-pham\/soft-backpack-for-mavic-pro.html","og_site_name":"Shop M\u00e1y \u1ea3nh - Action Camera - Gimbal - Flycam - Ph\u1ee5 ki\u1ec7n","article_publisher":"https:\/\/facebook.com\/phukienflycam","article_modified_time":"2020-10-19T02:11:31+00:00","og_image":[{"width":300,"height":300,"url":"https:\/\/phukienflytech.vn\/wp-content\/uploads\/2020\/05\/balo-m\u1ec1m-mavic-pro-ch\u1ed1ng-n\u01b0\u1edbc.png","type":"image\/png"}],"twitter_card":"summary_large_image","twitter_misc":{"Est. reading time":"3 minutes"},"schema":{"@context":"https:\/\/schema.org","@graph":[{"@type":"WebPage","@id":"https:\/\/phukienflytech.vn\/en\/san-pham\/soft-backpack-for-mavic-pro.html","url":"https:\/\/phukienflytech.vn\/en\/san-pham\/soft-backpack-for-mavic-pro.html","name":"Soft backpack for Mavic Pro - Mavic pro accessory - Available - Original","isPartOf":{"@id":"https:\/\/phukienflytech.vn\/#website"},"primaryImageOfPage":{"@id":"https:\/\/phukienflytech.vn\/en\/san-pham\/soft-backpack-for-mavic-pro.html#primaryimage"},"image":{"@id":"https:\/\/phukienflytech.vn\/en\/san-pham\/soft-backpack-for-mavic-pro.html#primaryimage"},"thumbnailUrl":"https:\/\/phukienflytech.vn\/wp-content\/uploads\/2020\/05\/balo-m\u1ec1m-mavic-pro-ch\u1ed1ng-n\u01b0\u1edbc.png","datePublished":"2020-06-17T07:47:27+00:00","dateModified":"2020-10-19T02:11:31+00:00","description":"Soft backpack for Mavic Pro is one of the most important accessory. Contact us to buy Soft backpack for Mavic Pro for best price","breadcrumb":{"@id":"https:\/\/phukienflytech.vn\/en\/san-pham\/soft-backpack-for-mavic-pro.html#breadcrumb"},"inLanguage":"en-US","potentialAction":[{"@type":"ReadAction","target":["https:\/\/phukienflytech.vn\/en\/san-pham\/soft-backpack-for-mavic-pro.html"]}]},{"@type":"ImageObject","inLanguage":"en-US","@id":"https:\/\/phukienflytech.vn\/en\/san-pham\/soft-backpack-for-mavic-pro.html#primaryimage","url":"https:\/\/phukienflytech.vn\/wp-content\/uploads\/2020\/05\/balo-m\u1ec1m-mavic-pro-ch\u1ed1ng-n\u01b0\u1edbc.png","contentUrl":"https:\/\/phukienflytech.vn\/wp-content\/uploads\/2020\/05\/balo-m\u1ec1m-mavic-pro-ch\u1ed1ng-n\u01b0\u1edbc.png","width":300,"height":300},{"@type":"BreadcrumbList","@id":"https:\/\/phukienflytech.vn\/en\/san-pham\/soft-backpack-for-mavic-pro.html#breadcrumb","itemListElement":[{"@type":"ListItem","position":1,"name":"Home","item":"https:\/\/phukienflytech.vn\/en"},{"@type":"ListItem","position":2,"name":"Ph\u1ee5 ki\u1ec7n Mavic Pro","item":"https:\/\/phukienflytech.vn\/en\/phu-kien-mavic-pro.html"},{"@type":"ListItem","position":3,"name":"DJI Osmo &amp; Drone's accessories","item":"https:\/\/phukienflytech.vn\/en\/danh-muc\/dji-osmo-drones-accessories.html"},{"@type":"ListItem","position":4,"name":"Mavic Pro Accessory","item":"https:\/\/phukienflytech.vn\/en\/danh-muc\/mavic-pro-accessory.html"},{"@type":"ListItem","position":5,"name":"Soft backpack for Mavic Pro"}]},{"@type":"WebSite","@id":"https:\/\/phukienflytech.vn\/#website","url":"https:\/\/phukienflytech.vn\/","name":"Shop M\u00e1y \u1ea3nh - Action Camera - Gimbal - Flycam - Ph\u1ee5 ki\u1ec7n","description":"Shop M\u00e1y \u1ea3nh - Action Camera - Gimbal - Flycam - Ph\u1ee5 ki\u1ec7n","publisher":{"@id":"https:\/\/phukienflytech.vn\/#organization"},"potentialAction":[{"@type":"SearchAction","target":{"@type":"EntryPoint","urlTemplate":"https:\/\/phukienflytech.vn\/?s={search_term_string}"},"query-input":{"@type":"PropertyValueSpecification","valueRequired":true,"valueName":"search_term_string"}}],"inLanguage":"en-US"},{"@type":"Organization","@id":"https:\/\/phukienflytech.vn\/#organization","name":"DJI Store - Shop Drone, Action camera, Gimbal DJI |Phukienflytech","alternateName":"DJI Store - Shop Drone, Action camera, Gimbal DJI |Phukienflytech","url":"https:\/\/phukienflytech.vn\/","logo":{"@type":"ImageObject","inLanguage":"en-US","@id":"https:\/\/phukienflytech.vn\/#\/schema\/logo\/image\/","url":"https:\/\/phukienflytech.vn\/wp-content\/uploads\/2020\/05\/hAnh_nan.jpg1_.jpg","contentUrl":"https:\/\/phukienflytech.vn\/wp-content\/uploads\/2020\/05\/hAnh_nan.jpg1_.jpg","width":800,"height":450,"caption":"DJI Store - Shop Drone, Action camera, Gimbal DJI |Phukienflytech"},"image":{"@id":"https:\/\/phukienflytech.vn\/#\/schema\/logo\/image\/"},"sameAs":["https:\/\/facebook.com\/phukienflycam","https:\/\/www.youtube.com\/@phukienflytech","https:\/\/www.tiktok.com\/@flytech.channel?fbclid=IwY2xjawGjg7BleHRuA2FlbQIxMAABHYVGmlXpuSMs0UB2zTpYvyT4GMVfN2qJa4urF4vkSQ6FAVBwXZtDP30qQA_aem_UwMiDcUvlEbd2tXAmsc8Og"]}]}},"_links":{"self":[{"href":"https:\/\/phukienflytech.vn\/en\/wp-json\/wp\/v2\/product\/4972","targetHints":{"allow":["GET"]}}],"collection":[{"href":"https:\/\/phukienflytech.vn\/en\/wp-json\/wp\/v2\/product"}],"about":[{"href":"https:\/\/phukienflytech.vn\/en\/wp-json\/wp\/v2\/types\/product"}],"replies":[{"embeddable":true,"href":"https:\/\/phukienflytech.vn\/en\/wp-json\/wp\/v2\/comments?post=4972"}],"wp:featuredmedia":[{"embeddable":true,"href":"https:\/\/phukienflytech.vn\/en\/wp-json\/wp\/v2\/media\/4959"}],"wp:attachment":[{"href":"https:\/\/phukienflytech.vn\/en\/wp-json\/wp\/v2\/media?parent=4972"}],"wp:term":[{"taxonomy":"product_brand","embeddable":true,"href":"https:\/\/phukienflytech.vn\/en\/wp-json\/wp\/v2\/product_brand?post=4972"},{"taxonomy":"product_cat","embeddable":true,"href":"https:\/\/phukienflytech.vn\/en\/wp-json\/wp\/v2\/product_cat?post=4972"},{"taxonomy":"product_tag","embeddable":true,"href":"https:\/\/phukienflytech.vn\/en\/wp-json\/wp\/v2\/product_tag?post=4972"}],"curies":[{"name":"wp","href":"https:\/\/api.w.org\/{rel}","templated":true}]}}